{"id":4880,"date":"2023-11-08T14:17:59","date_gmt":"2023-11-08T13:17:59","guid":{"rendered":"https:\/\/www.camping-argeles-vacances.com\/visitar-pyrenees-orientales\/"},"modified":"2023-11-14T15:12:18","modified_gmt":"2023-11-14T14:12:18","slug":"visitar-pyrenees-orientales","status":"publish","type":"page","link":"https:\/\/www.camping-argeles-vacances.com\/es\/visitar-pyrenees-orientales\/","title":{"rendered":"Turismo Pirineos Orientales"},"content":{"rendered":"<section id=\"ls-section-block_1c8ea37a596f0fc790498ea8e829e0b8\" class=\"ls-section  page-intro\" >\r\n        <div class=\"container \">\r\n        \n\n<div class=\"wp-block-columns is-layout-flex wp-container-core-columns-is-layout-9d6595d7 wp-block-columns-is-layout-flex\">\n<div class=\"wp-block-column is-layout-flow wp-block-column-is-layout-flow\">\n<h1 class=\"ls__heading wp-block-heading has-text-align-center\">Descubrir los Pirineos Orientales<\/h1>\n\n\n\n<p class=\"ls-paragraph has-text-align-center\">Entre el Mediterr\u00e1neo y los Pirineos, los <strong>Pirineos Orientales<\/strong> son una regi\u00f3n de magn\u00edficos paisajes y rica cultura que combina influencias catalanas, espa\u00f1olas y francesas. Situada en la parte meridional de la regi\u00f3n de Occitanie, esta zona ofrece una gran variedad de actividades, ya sea para los amantes de las actividades al aire libre, los amantes del arte y la historia, o los epic\u00fareos en busca de vinos y cocina regional.  Visitar los <strong>Pirineos Orientales<\/strong> es descubrir un patrimonio intacto en un marco natural incomparable, durante su estancia en nuestro <a href=\"https:\/\/www.camping-argeles-vacances.com\/es\/\">camping de Argel\u00e8s-sur-Mer<\/a>, en Languedoc-Rosell\u00f3n.<\/p>\n<\/div>\n<\/div>\n\n\r\n    <\/div>\r\n<\/section>\n\n<section id=\"ls-section-block_ab8c74f29028b473bdeaaf0fd29e621d\" class=\"ls-section  page-one has-p-t p-t-0\" >\r\n        <div class=\"container container--wide\">\r\n        \n\n<div class=\"wp-block-columns is-layout-flex wp-container-core-columns-is-layout-9d6595d7 wp-block-columns-is-layout-flex\">\n<div class=\"wp-block-column is-vertically-aligned-center first is-layout-flow wp-block-column-is-layout-flow\" style=\"flex-basis:66.66%\">\n<figure class=\"wp-block-image size-full\"><a href=\"https:\/\/www.camping-argeles-vacances.com\/wp-content\/uploads\/2023\/11\/ascension-canigou.jpg\"><img decoding=\"async\" width=\"924\" height=\"616\" src=\"https:\/\/www.camping-argeles-vacances.com\/wp-content\/uploads\/2023\/11\/ascension-canigou.jpg\" alt=\"ascenso al canigou\" class=\"wp-image-4041\" srcset=\"https:\/\/www.camping-argeles-vacances.com\/wp-content\/uploads\/2023\/11\/ascension-canigou.jpg 924w, https:\/\/www.camping-argeles-vacances.com\/wp-content\/uploads\/2023\/11\/ascension-canigou-300x200.jpg 300w, https:\/\/www.camping-argeles-vacances.com\/wp-content\/uploads\/2023\/11\/ascension-canigou-768x512.jpg 768w\" sizes=\"(max-width: 924px) 100vw, 924px\" \/><\/a><\/figure>\n<\/div>\n\n\n\n<div class=\"wp-block-column is-vertically-aligned-center second is-layout-flow wp-block-column-is-layout-flow\" style=\"flex-basis:33.33%\">\n<h2 class=\"ls__heading wp-block-heading deco\">Escalada al Canig\u00f3<\/h2>\n\n\n\n<p class=\"ls-paragraph\">Si s\u00f3lo tiene una excursi\u00f3n que hacer durante su <strong>estancia en los Pirineos Orientales<\/strong>, no dude en optar por la<strong>ascensi\u00f3n al Canigou<\/strong>. Hay varios puntos de partida, por lo que puede ajustar la duraci\u00f3n y la dificultad de la subida a su nivel de forma f\u00edsica y a su horario. Las rutas m\u00e1s frecuentadas son las que parten de los refugios de Cortalets y Mariailles.<\/p>\n\n\n\n<p class=\"ls-paragraph\">Puede obtener m\u00e1s informaci\u00f3n sobre estas rutas en nuestro art\u00edculo dedicado a la escalada del Canig\u00f3. Sin embargo, le recomendamos encarecidamente que reserve algo de tiempo para recorrer esta monta\u00f1a, <strong>s\u00edmbolo sagrado para los catalanes<\/strong>.<\/p>\n<\/div>\n<\/div>\n\n\r\n    <\/div>\r\n<\/section>\n\n<section id=\"ls-section-block_ef0098a377d1d73f4ee518b4c0523300\" class=\"ls-section  page-one has-background has-color-6-background-color has-p-t p-t-14 has-p-b p-b-14\" >\r\n        <div class=\"container container--wide\">\r\n        \n\n<div class=\"wp-block-columns is-layout-flex wp-container-core-columns-is-layout-9d6595d7 wp-block-columns-is-layout-flex\">\n<div class=\"wp-block-column is-vertically-aligned-center is-layout-flow wp-block-column-is-layout-flow\" style=\"flex-basis:33.33%\">\n<h2 class=\"ls__heading wp-block-heading deco\">Descubrir Perpi\u00f1\u00e1n y su historia<\/h2>\n\n\n\n<p class=\"ls-paragraph\">Ser\u00eda impensable <strong>visitar los Pirineos Orientales<\/strong> sin hacer una parada en <strong>Perpi\u00f1\u00e1n<\/strong>. Aunque el centro de la ciudad ha sufrido una considerable deslocalizaci\u00f3n de empresas en los \u00faltimos a\u00f1os, parece estar experimentando una reactivaci\u00f3n. Tambi\u00e9n puede aprovechar para visitar Les <strong>Halles de Perpignan<\/strong>, un encantador mercado cubierto de productos regionales especialmente popular en verano.<\/p>\n\n\n\n<p class=\"ls-paragraph\">La Avenue du G\u00e9n\u00e9ral Leclerc alberga <strong>numerosos bares y restaurantes<\/strong>, lo que la convierte en un lugar ideal para salir por la noche. Si est\u00e1 interesado en  <strong>actividades culturales<\/strong>Tambi\u00e9n puede visitar el museo de arte Hyacinthe Rigaud, el famoso Castillet, el  <strong>Palacio de los Reyes de Mallorca<\/strong>para llevar a cabo una  <strong>visita guiada de la ciudad en un peque\u00f1o tren<\/strong>  (disponible s\u00f3lo durante la temporada de verano), o asistir a un espect\u00e1culo en el Th\u00e9\u00e2tre de l&#8217;Archipel o a un concierto en la legendaria sala de conciertos Le M\u00e9diator.<\/p>\n<\/div>\n\n\n\n<div class=\"wp-block-column is-vertically-aligned-center is-layout-flow wp-block-column-is-layout-flow\" style=\"flex-basis:66.66%\">\n<figure class=\"wp-block-image size-full\"><a href=\"https:\/\/www.camping-argeles-vacances.com\/wp-content\/uploads\/2023\/11\/decouvrir-perpignan.jpg\"><img decoding=\"async\" width=\"924\" height=\"616\" src=\"https:\/\/www.camping-argeles-vacances.com\/wp-content\/uploads\/2023\/11\/decouvrir-perpignan.jpg\" alt=\"descubrir perpi\u00f1\u00e1n\" class=\"wp-image-4047\" srcset=\"https:\/\/www.camping-argeles-vacances.com\/wp-content\/uploads\/2023\/11\/decouvrir-perpignan.jpg 924w, https:\/\/www.camping-argeles-vacances.com\/wp-content\/uploads\/2023\/11\/decouvrir-perpignan-300x200.jpg 300w, https:\/\/www.camping-argeles-vacances.com\/wp-content\/uploads\/2023\/11\/decouvrir-perpignan-768x512.jpg 768w\" sizes=\"(max-width: 924px) 100vw, 924px\" \/><\/a><\/figure>\n<\/div>\n<\/div>\n\n\r\n    <\/div>\r\n<\/section>\n\n<section id=\"ls-section-block_c9b12890626ec10185991df86773aac9\" class=\"ls-section \" >\r\n        <div class=\"container container--wide\">\r\n        \n\n<div class=\"wp-block-columns is-layout-flex wp-container-core-columns-is-layout-9d6595d7 wp-block-columns-is-layout-flex\">\n<div class=\"wp-block-column is-layout-flow wp-block-column-is-layout-flow\">\n<h2 class=\"ls__heading wp-block-heading has-text-align-center deco-top-center\">Nataci\u00f3n en la reserva natural nacional de Banyuls-Cerb\u00e8re<\/h2>\n\n\n\n<p class=\"ls-paragraph has-text-align-center\">La <strong>reserva de Banyuls-Cerb\u00e8re<\/strong>, primera reserva natural marina nacional de Francia, est\u00e1 situada en la costa mediterr\u00e1nea de la regi\u00f3n de los Pirineos Orientales. Esta reserva, que se extiende desde Banyuls-sur-Mer hasta Cerb\u00e8re, es una de las<strong>joyas de la C\u00f4te Vermeille<\/strong>. Es uno de nuestros lugares favoritos para ba\u00f1arnos en verano.<\/p>\n\n\n\n<p class=\"ls-paragraph has-text-align-center\">Es cierto que puede estar un poco abarrotado, pero si se llega pronto por la ma\u00f1ana, se puede aprovechar al m\u00e1ximo la reserva. Tendr\u00e1 la oportunidad de avistar multitud de peces, aunque no se aleje mucho de la orilla. Con s\u00f3lo una m\u00e1scara y un tubo, seguro que pasar\u00e1 un rato inolvidable bajo el agua mientras explora el sendero submarino.<\/p>\n<\/div>\n<\/div>\n\n\r\n    <\/div>\r\n<\/section>\n\n<section id=\"ls-section-block_7b07efec3f0c5a58b0453034b14ef7f2\" class=\"ls-section  page-one has-background has-color-6-background-color\" >\r\n        <div class=\"container container--wide\">\r\n        \n\n<div class=\"wp-block-columns is-layout-flex wp-container-core-columns-is-layout-9d6595d7 wp-block-columns-is-layout-flex\">\n<div class=\"wp-block-column is-vertically-aligned-center first is-layout-flow wp-block-column-is-layout-flow\" style=\"flex-basis:66.66%\">\n<figure class=\"wp-block-image size-full\"><a href=\"https:\/\/www.camping-argeles-vacances.com\/wp-content\/uploads\/2023\/11\/visiter-collioure.jpg\"><img decoding=\"async\" width=\"924\" height=\"616\" src=\"https:\/\/www.camping-argeles-vacances.com\/wp-content\/uploads\/2023\/11\/visiter-collioure.jpg\" alt=\"visite collioure\" class=\"wp-image-4052\" srcset=\"https:\/\/www.camping-argeles-vacances.com\/wp-content\/uploads\/2023\/11\/visiter-collioure.jpg 924w, https:\/\/www.camping-argeles-vacances.com\/wp-content\/uploads\/2023\/11\/visiter-collioure-300x200.jpg 300w, https:\/\/www.camping-argeles-vacances.com\/wp-content\/uploads\/2023\/11\/visiter-collioure-768x512.jpg 768w\" sizes=\"(max-width: 924px) 100vw, 924px\" \/><\/a><\/figure>\n<\/div>\n\n\n\n<div class=\"wp-block-column is-vertically-aligned-center second is-layout-flow wp-block-column-is-layout-flow\" style=\"flex-basis:33.33%\">\n<h2 class=\"ls__heading wp-block-heading\">Explorar Collioure, el pueblo de los mil colores<\/h2>\n\n\n\n<p class=\"ls-paragraph\">Ser\u00eda impensable <strong>visitar los Pirineos Orientales<\/strong> sin detenerse en Collioure, a menudo llamado el pueblo de los pintores y la cuna del fauvismo. Este pueblo, con su emblem\u00e1tico campanario de \u00ablos pies en el agua\u00bb, es un lugar \u00fanico en Francia y una parada obligada en sus <strong>vacaciones en los Pirineos Orientales<\/strong>.<\/p>\n\n\n\n<p class=\"ls-paragraph\">Aunque no figura oficialmente entre los pueblos m\u00e1s bonitos de Francia, es absolutamente magn\u00edfico. Durante un d\u00eda, podr\u00e1 disfrutar de la playa, pasear por las pintorescas y coloridas calles, descubrir las tiendas de artesan\u00eda, explorar las calas y, por qu\u00e9 no, visitar el castillo real.<\/p>\n<\/div>\n<\/div>\n\n\r\n    <\/div>\r\n<\/section>\n\n<section id=\"ls-section-block_c9b12890626ec10185991df86773aac9\" class=\"ls-section \" >\r\n        <div class=\"container container--wide\">\r\n        \n\n<div class=\"wp-block-columns is-layout-flex wp-container-core-columns-is-layout-9d6595d7 wp-block-columns-is-layout-flex\">\n<div class=\"wp-block-column is-vertically-aligned-center is-layout-flow wp-block-column-is-layout-flow\" style=\"flex-basis:33.33%\">\n<h2 class=\"ls__heading wp-block-heading deco\">Visite 4 de los pueblos m\u00e1s bonitos de Francia<\/h2>\n\n\n\n<p class=\"ls-paragraph\">Cuando<strong> visite los Pirineos Orientales<\/strong>, no se pierda la oportunidad de explorar cuatro de los \u00abPueblos m\u00e1s bonitos de Francia\u00bb. <strong>Villefranche-de-Conflent<\/strong>, uno de nuestros destinos favoritos, es una antigua ciudad mercantil declarada Patrimonio de la Humanidad por la UNESCO. Y no olvide visitar el relajante <strong>Castelnou<\/strong>, con su castillo medieval, una aut\u00e9ntica joya, y Eus, el pueblo m\u00e1s soleado de Francia.<\/p>\n\n\n\n<p class=\"ls-paragraph\">Por \u00faltimo, a s\u00f3lo 15 minutos en coche de <strong>Villefranche-de-Conflent<\/strong> se encuentra <strong>Evol<\/strong>, otro destino interesante que puede combinar f\u00e1cilmente con su itinerario. Y esos son s\u00f3lo 4 de los pueblos m\u00e1s bonitos que hemos mencionado, podr\u00edamos seguir con Sainte-Marie-la-Mer, por ejemplo.<\/p>\n<\/div>\n\n\n\n<div class=\"wp-block-column is-vertically-aligned-center is-layout-flow wp-block-column-is-layout-flow\" style=\"flex-basis:66.66%\">\n<figure class=\"wp-block-image size-full\"><a href=\"https:\/\/www.camping-argeles-vacances.com\/wp-content\/uploads\/2023\/11\/visite-castelnou.jpg\"><img decoding=\"async\" width=\"924\" height=\"616\" src=\"https:\/\/www.camping-argeles-vacances.com\/wp-content\/uploads\/2023\/11\/visite-castelnou.jpg\" alt=\"visita castelnou\" class=\"wp-image-4057\" srcset=\"https:\/\/www.camping-argeles-vacances.com\/wp-content\/uploads\/2023\/11\/visite-castelnou.jpg 924w, https:\/\/www.camping-argeles-vacances.com\/wp-content\/uploads\/2023\/11\/visite-castelnou-300x200.jpg 300w, https:\/\/www.camping-argeles-vacances.com\/wp-content\/uploads\/2023\/11\/visite-castelnou-768x512.jpg 768w\" sizes=\"(max-width: 924px) 100vw, 924px\" \/><\/a><\/figure>\n<\/div>\n<\/div>\n\n\r\n    <\/div>\r\n<\/section>\n\n<section id=\"ls-section-block_77a3226f45b88016f64f7ce3fb8e73c8\" class=\"ls-section  has-background has-color-6-background-color\" >\r\n        <div class=\"container container--wide\">\r\n        \n\n<div class=\"wp-block-columns is-layout-flex wp-container-core-columns-is-layout-9d6595d7 wp-block-columns-is-layout-flex\">\n<div class=\"wp-block-column is-layout-flow wp-block-column-is-layout-flow\">\n<h2 class=\"ls__heading wp-block-heading has-text-align-center deco-top-center\">Admire la fascinante geolog\u00eda de las Orgues d&#8217;Ille-sur-T\u00eat<\/h2>\n\n\n\n<p class=\"ls-paragraph has-text-align-center\">En su primera visita a los Pirineos Orientales, no se pierda el impresionante espect\u00e1culo geol\u00f3gico que ofrecen las <strong>Orgues d&#8217;Ille-sur-T\u00eat<\/strong>. Estas <strong>espectaculares<\/strong> formaciones <strong>rocosas<\/strong> son una maravilla natural que no debe perderse. Este recorrido, que puede realizarse en medio d\u00eda, har\u00e1 las delicias de grandes y peque\u00f1os.<\/p>\n\n\n\n<p class=\"ls-paragraph has-text-align-center\">Puede combinar esta visita con una tarde dedicada a actividades deportivas como escalada de \u00e1rboles, kayak, tubing, etc. Marquixanes, o visitar el pintoresco pueblo de Eus, conocido como el m\u00e1s soleado de Francia, o pasear por el puerto de Saint-Cyprien.<\/p>\n<\/div>\n<\/div>\n\n\r\n    <\/div>\r\n<\/section>\n\n<section id=\"ls-section-block_c9b12890626ec10185991df86773aac9\" class=\"ls-section \" >\r\n        <div class=\"container container--wide\">\r\n        \n\n<div class=\"wp-block-columns is-layout-flex wp-container-core-columns-is-layout-9d6595d7 wp-block-columns-is-layout-flex\">\n<div class=\"wp-block-column first is-layout-flow wp-block-column-is-layout-flow\" style=\"flex-basis:66.66%\">\n<figure class=\"wp-block-image size-full\"><a href=\"https:\/\/www.camping-argeles-vacances.com\/wp-content\/uploads\/2023\/11\/specialite-culinaire-rousquille.jpg\"><img decoding=\"async\" width=\"924\" height=\"616\" src=\"https:\/\/www.camping-argeles-vacances.com\/wp-content\/uploads\/2023\/11\/specialite-culinaire-rousquille.jpg\" alt=\"especialidad culinaria rousquille\" class=\"wp-image-4062\" srcset=\"https:\/\/www.camping-argeles-vacances.com\/wp-content\/uploads\/2023\/11\/specialite-culinaire-rousquille.jpg 924w, https:\/\/www.camping-argeles-vacances.com\/wp-content\/uploads\/2023\/11\/specialite-culinaire-rousquille-300x200.jpg 300w, https:\/\/www.camping-argeles-vacances.com\/wp-content\/uploads\/2023\/11\/specialite-culinaire-rousquille-768x512.jpg 768w\" sizes=\"(max-width: 924px) 100vw, 924px\" \/><\/a><\/figure>\n<\/div>\n\n\n\n<div class=\"wp-block-column is-vertically-aligned-center second is-layout-flow wp-block-column-is-layout-flow\" style=\"flex-basis:33.33%\">\n<h2 class=\"ls__heading wp-block-heading\">Deguste la Rousquille, uno de los pasteles emblem\u00e1ticos de la regi\u00f3n<\/h2>\n\n\n\n<p class=\"ls-paragraph\">Las rousquilles son sin duda una de las mejores pastas catalanas. Para los que no las conozcan, son galletas que se deshacen en la boca, aromatizadas con azahar, lim\u00f3n o an\u00eds. Cada pastelero aporta su toque personal, adaptando la receta a sus gustos, pero no puede perderse el Rousquille de Elne.<\/p>\n<\/div>\n<\/div>\n\n\r\n    <\/div>\r\n<\/section>\n\n<section id=\"ls-section-block_c9b12890626ec10185991df86773aac9\" class=\"ls-section \" >\r\n        <div class=\"container container--wide\">\r\n        \n\n<div class=\"wp-block-columns is-layout-flex wp-container-core-columns-is-layout-9d6595d7 wp-block-columns-is-layout-flex\">\n<div class=\"wp-block-column is-vertically-aligned-center is-layout-flow wp-block-column-is-layout-flow\" style=\"flex-basis:33.33%\">\n<h2 class=\"ls__heading wp-block-heading deco\">Senderismo por la senda costera<\/h2>\n\n\n\n<p class=\"ls-paragraph\">El <strong>sentier du Littoral<\/strong> es uno de los paseos m\u00e1s famosos de los Pirineos Orientales. Con poca dificultad, este paseo le brinda la oportunidad de respirar el aire marino, mientras atraviesa pintorescos pueblos y admira impresionantes panoramas, marcados por el contraste entre la roca y el azul profundo del mar Mediterr\u00e1neo.<\/p>\n\n\n\n<p class=\"ls-paragraph\">La ruta de 35 km le llevar\u00e1 de <a href=\"https:\/\/www.camping-argeles-vacances.com\/es\/visitar-pyrenees-orientales\/turismo-argeles-sur-mer\/\">Argel\u00e8s-sur-Mer<\/a> a Cerb\u00e8re, hasta la frontera espa\u00f1ola. Tambi\u00e9n conocido como el sendero de la aduana o de los contrabandistas, recorre 13 kil\u00f3metros a trav\u00e9s del encantador pueblo pesquero de Port-Vendres, pasando por La Mauresque, el puerto, las Redoutes, el fabuloso Cap B\u00e9ar con su emblem\u00e1tico faro y la bah\u00eda de Paulilles. Por el camino, podr\u00e1 disfrutar de unas vistas espectaculares de la C\u00f4te Vermeille.<\/p>\n<\/div>\n\n\n\n<div class=\"wp-block-column is-vertically-aligned-center is-layout-flow wp-block-column-is-layout-flow\" style=\"flex-basis:66.66%\">\n<figure class=\"wp-block-image size-full\"><a href=\"https:\/\/www.camping-argeles-vacances.com\/wp-content\/uploads\/2023\/11\/sentier-du-littoral-argeles-1.jpg\"><img decoding=\"async\" width=\"924\" height=\"616\" src=\"https:\/\/www.camping-argeles-vacances.com\/wp-content\/uploads\/2023\/11\/sentier-du-littoral-argeles-1.jpg\" alt=\"sentier du littoral argeles 1\" class=\"wp-image-4067\" srcset=\"https:\/\/www.camping-argeles-vacances.com\/wp-content\/uploads\/2023\/11\/sentier-du-littoral-argeles-1.jpg 924w, https:\/\/www.camping-argeles-vacances.com\/wp-content\/uploads\/2023\/11\/sentier-du-littoral-argeles-1-300x200.jpg 300w, https:\/\/www.camping-argeles-vacances.com\/wp-content\/uploads\/2023\/11\/sentier-du-littoral-argeles-1-768x512.jpg 768w\" sizes=\"(max-width: 924px) 100vw, 924px\" \/><\/a><\/figure>\n<\/div>\n<\/div>\n\n\r\n    <\/div>\r\n<\/section>\n\n<section id=\"ls-section-block_77a3226f45b88016f64f7ce3fb8e73c8\" class=\"ls-section  has-background has-color-6-background-color\" >\r\n        <div class=\"container container--wide\">\r\n        \n\n<div class=\"wp-block-columns is-layout-flex wp-container-core-columns-is-layout-9d6595d7 wp-block-columns-is-layout-flex\">\n<div class=\"wp-block-column is-layout-flow wp-block-column-is-layout-flow\">\n<h2 class=\"ls__heading wp-block-heading has-text-align-center deco-top-center\">Tome el tren amarillo<\/h2>\n\n\n\n<p class=\"ls-paragraph has-text-align-center\">Suba a este <strong>tren<\/strong> tur\u00edstico a pocos kil\u00f3metros de Canet-en-Roussillon para admirar los <strong>magn\u00edficos paisajes de los Pirineos Orientales<\/strong>. La ruta discurre por magn\u00edficos paisajes, con impresionantes vistas de monta\u00f1as y valles. Este famoso tren amarillo, declarado Patrimonio de la Humanidad por la UNESCO, va de Villefranche-de-Conflent a Font Romeu.<\/p>\n\n\n\n<p class=\"ls-paragraph has-text-align-center\">Puede pasear por el Lac des Bouillouses, disfrutar de un picnic al sol, estirar las piernas en Matemale o explorar el Pic Carlit. Este viaje a bordo del tren amarillo y esta excursi\u00f3n a las alturas de Les Bouillouses le permitir\u00e1n descubrir las regiones de Haut-Conflent, Cerdagne y Capcir. En el <strong>Parque Natural Regional de los Pirineos Orientales<\/strong> no faltan ideas para pasear y hacer senderismo.<\/p>\n<\/div>\n<\/div>\n\n\r\n    <\/div>\r\n<\/section>\n\n<section id=\"ls-section-block_c9b12890626ec10185991df86773aac9\" class=\"ls-section \" >\r\n        <div class=\"container container--wide\">\r\n        \n\n<div class=\"wp-block-columns is-layout-flex wp-container-core-columns-is-layout-9d6595d7 wp-block-columns-is-layout-flex\">\n<div class=\"wp-block-column is-vertically-aligned-center first is-layout-flow wp-block-column-is-layout-flow\" style=\"flex-basis:66.66%\">\n<figure class=\"wp-block-image size-full\"><a href=\"https:\/\/www.camping-argeles-vacances.com\/wp-content\/uploads\/2023\/11\/abbaye-saint-martin-de-canigo.jpg\"><img decoding=\"async\" width=\"924\" height=\"616\" src=\"https:\/\/www.camping-argeles-vacances.com\/wp-content\/uploads\/2023\/11\/abbaye-saint-martin-de-canigo.jpg\" alt=\"abad\u00eda de san mart\u00edn de canigo\" class=\"wp-image-4142\" srcset=\"https:\/\/www.camping-argeles-vacances.com\/wp-content\/uploads\/2023\/11\/abbaye-saint-martin-de-canigo.jpg 924w, https:\/\/www.camping-argeles-vacances.com\/wp-content\/uploads\/2023\/11\/abbaye-saint-martin-de-canigo-300x200.jpg 300w, https:\/\/www.camping-argeles-vacances.com\/wp-content\/uploads\/2023\/11\/abbaye-saint-martin-de-canigo-768x512.jpg 768w\" sizes=\"(max-width: 924px) 100vw, 924px\" \/><\/a><\/figure>\n<\/div>\n\n\n\n<div class=\"wp-block-column is-vertically-aligned-center second is-layout-flow wp-block-column-is-layout-flow\" style=\"flex-basis:33.33%\">\n<h2 class=\"ls__heading wp-block-heading\">Visitar la abad\u00eda de Saint-Martin-du-Canig\u00f3<\/h2>\n\n\n\n<p class=\"ls-paragraph\">Una de las <strong>joyas del patrimonio de los Pirineos Orientales<\/strong> es sin duda la<strong>abad\u00eda de Saint-Martin-du-Canig\u00f3<\/strong>. Esta abad\u00eda, declarada monumento hist\u00f3rico en 1889, es un <strong>verdadero emblema de la arquitectura rom\u00e1nica<\/strong> y un pilar cultural de la regi\u00f3n. Rodeada de una exuberante campi\u00f1a, la abad\u00eda se alza en lo alto de una colina que domina el valle del Cady.<\/p>\n\n\n\n<p class=\"ls-paragraph\">La excursi\u00f3n parte de la localidad de Casteil, una de las paradas del Camino de Santiago. Se tarda una media hora a pie en llegar a la abad\u00eda. El viaje se ve recompensado por la contemplaci\u00f3n de un conjunto arquitect\u00f3nico de gran envergadura, admirablemente conservado. La abad\u00eda consta de dos bas\u00edlicas, una superior y otra inferior, subterr\u00e1nea. Como la abad\u00eda sigue habitada por una comunidad religiosa, es aconsejable consultar los horarios antes de visitarla.<\/p>\n<\/div>\n<\/div>\n\n\r\n    <\/div>\r\n<\/section>\n\n<section id=\"ls-section-block_c9b12890626ec10185991df86773aac9\" class=\"ls-section \" >\r\n        <div class=\"container container--wide\">\r\n        \n\n<div class=\"wp-block-columns is-layout-flex wp-container-core-columns-is-layout-9d6595d7 wp-block-columns-is-layout-flex\">\n<div class=\"wp-block-column is-vertically-aligned-center is-layout-flow wp-block-column-is-layout-flow\" style=\"flex-basis:33.33%\">\n<h2 class=\"ls__heading wp-block-heading deco\">Visita al pueblo prehist\u00f3rico de Tautavel<\/h2>\n\n\n\n<p class=\"ls-paragraph\">En 1971, cerca del pueblo de <strong>Tautavel<\/strong>, unos investigadores desenterraron un cr\u00e1neo humano de hace 450.000 a\u00f1os. Un hallazgo hist\u00f3rico y excepcional que ha hecho famoso a este peque\u00f1o pueblo de los Pirineos Orientales.<\/p>\n\n\n\n<p class=\"ls-paragraph\">La estaci\u00f3n invernal ofrece la oportunidad perfecta para sumergirse en el pasado visitando la <strong>cueva de Tautavel y su museo de la prehistoria<\/strong>. En este yacimiento de fama mundial se han encontrado un centenar de restos humanos, entre ellos un diente de leche de hace 580.000 a\u00f1os, descubierto en 2018.<\/p>\n<\/div>\n\n\n\n<div class=\"wp-block-column is-vertically-aligned-center is-layout-flow wp-block-column-is-layout-flow\" style=\"flex-basis:66.66%\">\n<figure class=\"wp-block-image size-full\"><a href=\"https:\/\/www.camping-argeles-vacances.com\/wp-content\/uploads\/2023\/11\/village-tautavel.jpg\"><img decoding=\"async\" width=\"924\" height=\"616\" src=\"https:\/\/www.camping-argeles-vacances.com\/wp-content\/uploads\/2023\/11\/village-tautavel.jpg\" alt=\"pueblo de tautavel\" class=\"wp-image-4162\" srcset=\"https:\/\/www.camping-argeles-vacances.com\/wp-content\/uploads\/2023\/11\/village-tautavel.jpg 924w, https:\/\/www.camping-argeles-vacances.com\/wp-content\/uploads\/2023\/11\/village-tautavel-300x200.jpg 300w, https:\/\/www.camping-argeles-vacances.com\/wp-content\/uploads\/2023\/11\/village-tautavel-768x512.jpg 768w\" sizes=\"(max-width: 924px) 100vw, 924px\" \/><\/a><\/figure>\n<\/div>\n<\/div>\n\n\r\n    <\/div>\r\n<\/section>\n\n<section id=\"ls-section-block_77a3226f45b88016f64f7ce3fb8e73c8\" class=\"ls-section  has-background has-color-6-background-color\" >\r\n        <div class=\"container container--wide\">\r\n        \n\n<div class=\"wp-block-columns is-layout-flex wp-container-core-columns-is-layout-9d6595d7 wp-block-columns-is-layout-flex\">\n<div class=\"wp-block-column is-layout-flow wp-block-column-is-layout-flow\">\n<h2 class=\"ls__heading wp-block-heading has-text-align-center deco-top-center\">Recarga las pilas en Les Bouillouses<\/h2>\n\n\n\n<p class=\"ls-paragraph has-text-align-center\">Reg\u00e1lese un par\u00e9ntesis encantado en <strong>Bouillouses<\/strong>, en familia o con amigos, para desconectar por completo de la vida cotidiana. Catalogado como paraje natural, el <strong>Lac des Bouillouses<\/strong> est\u00e1 repleto de actividades al aire libre.<\/p>\n\n\n\n<p class=\"ls-paragraph has-text-align-center\">Situado en el coraz\u00f3n de los Pirineos, se puede llegar por carretera o en telesilla. El lugar, un aut\u00e9ntico santuario de naturaleza virgen, es un espect\u00e1culo, con abundancia de diferentes especies vegetales y animales. Es el lugar ideal para relajarse con la familia, disfrutar de un picnic o ir a pescar junto al lago.<\/p>\n\n\n\n<p class=\"ls-paragraph has-text-align-center\">Para los m\u00e1s aventureros, hay una gran variedad de rutas de senderismo e incluso puntos de escalada para todos los niveles. Un lugar que har\u00e1 las delicias de los amantes de la naturaleza y de cualquiera que busque escapar del ajetreo de la vida cotidiana.<\/p>\n<\/div>\n<\/div>\n\n\r\n    <\/div>\r\n<\/section>","protected":false},"excerpt":{"rendered":"","protected":false},"author":2,"featured_media":4171,"parent":0,"menu_order":0,"comment_status":"closed","ping_status":"closed","template":"","meta":{"_acf_changed":false,"inline_featured_image":false,"footnotes":""},"sujet":[],"class_list":["post-4880","page","type-page","status-publish","has-post-thumbnail","hentry"],"acf":[],"yoast_head":"<!-- This site is optimized with the Yoast SEO plugin v22.5 - https:\/\/yoast.com\/wordpress\/plugins\/seo\/ -->\n<title>Visitar los Pirineos Orientales: qu\u00e9 ver y hacer en los Pirineos Orientales<\/title>\n<meta name=\"description\" content=\"\u00bfDesea visitar los Pirineos Orientales en sus pr\u00f3ximas vacaciones? Descubra nuestra selecci\u00f3n de las mejores cosas que ver y hacer en los Pirineos Orientales\" \/>\n<meta name=\"robots\" content=\"index, follow, max-snippet:-1, max-image-preview:large, max-video-preview:-1\" \/>\n<link rel=\"canonical\" href=\"https:\/\/www.camping-argeles-vacances.com\/es\/visitar-pyrenees-orientales\/\" \/>\n<meta property=\"og:locale\" content=\"es_ES\" \/>\n<meta property=\"og:type\" content=\"article\" \/>\n<meta property=\"og:title\" content=\"Visitar los Pirineos Orientales: qu\u00e9 ver y hacer en los Pirineos Orientales\" \/>\n<meta property=\"og:description\" content=\"\u00bfDesea visitar los Pirineos Orientales en sus pr\u00f3ximas vacaciones? Descubra nuestra selecci\u00f3n de las mejores cosas que ver y hacer en los Pirineos Orientales\" \/>\n<meta property=\"og:url\" content=\"https:\/\/www.camping-argeles-vacances.com\/es\/visitar-pyrenees-orientales\/\" \/>\n<meta property=\"og:site_name\" content=\"Argel\u00e8s Vacances\" \/>\n<meta property=\"article:modified_time\" content=\"2023-11-14T14:12:18+00:00\" \/>\n<meta property=\"og:image\" content=\"https:\/\/www.camping-argeles-vacances.com\/wp-content\/uploads\/2023\/11\/tourisme-pyrenees-orientales.jpg\" \/>\n\t<meta property=\"og:image:width\" content=\"1903\" \/>\n\t<meta property=\"og:image:height\" content=\"670\" \/>\n\t<meta property=\"og:image:type\" content=\"image\/jpeg\" \/>\n<meta name=\"twitter:card\" content=\"summary_large_image\" \/>\n<meta name=\"twitter:label1\" content=\"Tiempo de lectura\" \/>\n\t<meta name=\"twitter:data1\" content=\"9 minutos\" \/>\n<script type=\"application\/ld+json\" class=\"yoast-schema-graph\">{\"@context\":\"https:\/\/schema.org\",\"@graph\":[{\"@type\":\"WebPage\",\"@id\":\"https:\/\/www.camping-argeles-vacances.com\/es\/visitar-pyrenees-orientales\/\",\"url\":\"https:\/\/www.camping-argeles-vacances.com\/es\/visitar-pyrenees-orientales\/\",\"name\":\"Visitar los Pirineos Orientales: qu\u00e9 ver y hacer en los Pirineos Orientales\",\"isPartOf\":{\"@id\":\"https:\/\/www.camping-argeles-vacances.com\/es\/#website\"},\"primaryImageOfPage\":{\"@id\":\"https:\/\/www.camping-argeles-vacances.com\/es\/visitar-pyrenees-orientales\/#primaryimage\"},\"image\":{\"@id\":\"https:\/\/www.camping-argeles-vacances.com\/es\/visitar-pyrenees-orientales\/#primaryimage\"},\"thumbnailUrl\":\"https:\/\/www.camping-argeles-vacances.com\/wp-content\/uploads\/2023\/11\/tourisme-pyrenees-orientales.jpg\",\"datePublished\":\"2023-11-08T13:17:59+00:00\",\"dateModified\":\"2023-11-14T14:12:18+00:00\",\"description\":\"\u00bfDesea visitar los Pirineos Orientales en sus pr\u00f3ximas vacaciones? Descubra nuestra selecci\u00f3n de las mejores cosas que ver y hacer en los Pirineos Orientales\",\"breadcrumb\":{\"@id\":\"https:\/\/www.camping-argeles-vacances.com\/es\/visitar-pyrenees-orientales\/#breadcrumb\"},\"inLanguage\":\"es\",\"potentialAction\":[{\"@type\":\"ReadAction\",\"target\":[\"https:\/\/www.camping-argeles-vacances.com\/es\/visitar-pyrenees-orientales\/\"]}]},{\"@type\":\"ImageObject\",\"inLanguage\":\"es\",\"@id\":\"https:\/\/www.camping-argeles-vacances.com\/es\/visitar-pyrenees-orientales\/#primaryimage\",\"url\":\"https:\/\/www.camping-argeles-vacances.com\/wp-content\/uploads\/2023\/11\/tourisme-pyrenees-orientales.jpg\",\"contentUrl\":\"https:\/\/www.camping-argeles-vacances.com\/wp-content\/uploads\/2023\/11\/tourisme-pyrenees-orientales.jpg\",\"width\":1903,\"height\":670,\"caption\":\"turismo pirineos orientales\"},{\"@type\":\"BreadcrumbList\",\"@id\":\"https:\/\/www.camping-argeles-vacances.com\/es\/visitar-pyrenees-orientales\/#breadcrumb\",\"itemListElement\":[{\"@type\":\"ListItem\",\"position\":1,\"name\":\"Camping Argel\u00e8s-sur-Mer\",\"item\":\"https:\/\/www.camping-argeles-vacances.com\/es\/\"},{\"@type\":\"ListItem\",\"position\":2,\"name\":\"Turismo Pirineos Orientales\"}]},{\"@type\":\"WebSite\",\"@id\":\"https:\/\/www.camping-argeles-vacances.com\/es\/#website\",\"url\":\"https:\/\/www.camping-argeles-vacances.com\/es\/\",\"name\":\"Argel\u00e8s Vacances\",\"description\":\"Un camping 4 \u00e9toiles au coeur d\u2019Argeles-sur-Mer\",\"publisher\":{\"@id\":\"https:\/\/www.camping-argeles-vacances.com\/es\/#organization\"},\"potentialAction\":[{\"@type\":\"SearchAction\",\"target\":{\"@type\":\"EntryPoint\",\"urlTemplate\":\"https:\/\/www.camping-argeles-vacances.com\/es\/?s={search_term_string}\"},\"query-input\":\"required name=search_term_string\"}],\"inLanguage\":\"es\"},{\"@type\":\"Organization\",\"@id\":\"https:\/\/www.camping-argeles-vacances.com\/es\/#organization\",\"name\":\"Argel\u00e8s Vacances\",\"url\":\"https:\/\/www.camping-argeles-vacances.com\/es\/\",\"logo\":{\"@type\":\"ImageObject\",\"inLanguage\":\"es\",\"@id\":\"https:\/\/www.camping-argeles-vacances.com\/es\/#\/schema\/logo\/image\/\",\"url\":\"https:\/\/www.camping-argeles-vacances.com\/wp-content\/uploads\/2023\/11\/cropped-cropped-Logo_Argeles-vacances.png\",\"contentUrl\":\"https:\/\/www.camping-argeles-vacances.com\/wp-content\/uploads\/2023\/11\/cropped-cropped-Logo_Argeles-vacances.png\",\"width\":552,\"height\":130,\"caption\":\"Argel\u00e8s Vacances\"},\"image\":{\"@id\":\"https:\/\/www.camping-argeles-vacances.com\/es\/#\/schema\/logo\/image\/\"}}]}<\/script>\n<!-- \/ Yoast SEO plugin. -->","yoast_head_json":{"title":"Visitar los Pirineos Orientales: qu\u00e9 ver y hacer en los Pirineos Orientales","description":"\u00bfDesea visitar los Pirineos Orientales en sus pr\u00f3ximas vacaciones? Descubra nuestra selecci\u00f3n de las mejores cosas que ver y hacer en los Pirineos Orientales","robots":{"index":"index","follow":"follow","max-snippet":"max-snippet:-1","max-image-preview":"max-image-preview:large","max-video-preview":"max-video-preview:-1"},"canonical":"https:\/\/www.camping-argeles-vacances.com\/es\/visitar-pyrenees-orientales\/","og_locale":"es_ES","og_type":"article","og_title":"Visitar los Pirineos Orientales: qu\u00e9 ver y hacer en los Pirineos Orientales","og_description":"\u00bfDesea visitar los Pirineos Orientales en sus pr\u00f3ximas vacaciones? Descubra nuestra selecci\u00f3n de las mejores cosas que ver y hacer en los Pirineos Orientales","og_url":"https:\/\/www.camping-argeles-vacances.com\/es\/visitar-pyrenees-orientales\/","og_site_name":"Argel\u00e8s Vacances","article_modified_time":"2023-11-14T14:12:18+00:00","og_image":[{"width":1903,"height":670,"url":"https:\/\/www.camping-argeles-vacances.com\/wp-content\/uploads\/2023\/11\/tourisme-pyrenees-orientales.jpg","type":"image\/jpeg"}],"twitter_card":"summary_large_image","twitter_misc":{"Tiempo de lectura":"9 minutos"},"schema":{"@context":"https:\/\/schema.org","@graph":[{"@type":"WebPage","@id":"https:\/\/www.camping-argeles-vacances.com\/es\/visitar-pyrenees-orientales\/","url":"https:\/\/www.camping-argeles-vacances.com\/es\/visitar-pyrenees-orientales\/","name":"Visitar los Pirineos Orientales: qu\u00e9 ver y hacer en los Pirineos Orientales","isPartOf":{"@id":"https:\/\/www.camping-argeles-vacances.com\/es\/#website"},"primaryImageOfPage":{"@id":"https:\/\/www.camping-argeles-vacances.com\/es\/visitar-pyrenees-orientales\/#primaryimage"},"image":{"@id":"https:\/\/www.camping-argeles-vacances.com\/es\/visitar-pyrenees-orientales\/#primaryimage"},"thumbnailUrl":"https:\/\/www.camping-argeles-vacances.com\/wp-content\/uploads\/2023\/11\/tourisme-pyrenees-orientales.jpg","datePublished":"2023-11-08T13:17:59+00:00","dateModified":"2023-11-14T14:12:18+00:00","description":"\u00bfDesea visitar los Pirineos Orientales en sus pr\u00f3ximas vacaciones? Descubra nuestra selecci\u00f3n de las mejores cosas que ver y hacer en los Pirineos Orientales","breadcrumb":{"@id":"https:\/\/www.camping-argeles-vacances.com\/es\/visitar-pyrenees-orientales\/#breadcrumb"},"inLanguage":"es","potentialAction":[{"@type":"ReadAction","target":["https:\/\/www.camping-argeles-vacances.com\/es\/visitar-pyrenees-orientales\/"]}]},{"@type":"ImageObject","inLanguage":"es","@id":"https:\/\/www.camping-argeles-vacances.com\/es\/visitar-pyrenees-orientales\/#primaryimage","url":"https:\/\/www.camping-argeles-vacances.com\/wp-content\/uploads\/2023\/11\/tourisme-pyrenees-orientales.jpg","contentUrl":"https:\/\/www.camping-argeles-vacances.com\/wp-content\/uploads\/2023\/11\/tourisme-pyrenees-orientales.jpg","width":1903,"height":670,"caption":"turismo pirineos orientales"},{"@type":"BreadcrumbList","@id":"https:\/\/www.camping-argeles-vacances.com\/es\/visitar-pyrenees-orientales\/#breadcrumb","itemListElement":[{"@type":"ListItem","position":1,"name":"Camping Argel\u00e8s-sur-Mer","item":"https:\/\/www.camping-argeles-vacances.com\/es\/"},{"@type":"ListItem","position":2,"name":"Turismo Pirineos Orientales"}]},{"@type":"WebSite","@id":"https:\/\/www.camping-argeles-vacances.com\/es\/#website","url":"https:\/\/www.camping-argeles-vacances.com\/es\/","name":"Argel\u00e8s Vacances","description":"Un camping 4 \u00e9toiles au coeur d\u2019Argeles-sur-Mer","publisher":{"@id":"https:\/\/www.camping-argeles-vacances.com\/es\/#organization"},"potentialAction":[{"@type":"SearchAction","target":{"@type":"EntryPoint","urlTemplate":"https:\/\/www.camping-argeles-vacances.com\/es\/?s={search_term_string}"},"query-input":"required name=search_term_string"}],"inLanguage":"es"},{"@type":"Organization","@id":"https:\/\/www.camping-argeles-vacances.com\/es\/#organization","name":"Argel\u00e8s Vacances","url":"https:\/\/www.camping-argeles-vacances.com\/es\/","logo":{"@type":"ImageObject","inLanguage":"es","@id":"https:\/\/www.camping-argeles-vacances.com\/es\/#\/schema\/logo\/image\/","url":"https:\/\/www.camping-argeles-vacances.com\/wp-content\/uploads\/2023\/11\/cropped-cropped-Logo_Argeles-vacances.png","contentUrl":"https:\/\/www.camping-argeles-vacances.com\/wp-content\/uploads\/2023\/11\/cropped-cropped-Logo_Argeles-vacances.png","width":552,"height":130,"caption":"Argel\u00e8s Vacances"},"image":{"@id":"https:\/\/www.camping-argeles-vacances.com\/es\/#\/schema\/logo\/image\/"}}]}},"_links":{"self":[{"href":"https:\/\/www.camping-argeles-vacances.com\/es\/wp-json\/wp\/v2\/pages\/4880","targetHints":{"allow":["GET"]}}],"collection":[{"href":"https:\/\/www.camping-argeles-vacances.com\/es\/wp-json\/wp\/v2\/pages"}],"about":[{"href":"https:\/\/www.camping-argeles-vacances.com\/es\/wp-json\/wp\/v2\/types\/page"}],"author":[{"embeddable":true,"href":"https:\/\/www.camping-argeles-vacances.com\/es\/wp-json\/wp\/v2\/users\/2"}],"replies":[{"embeddable":true,"href":"https:\/\/www.camping-argeles-vacances.com\/es\/wp-json\/wp\/v2\/comments?post=4880"}],"version-history":[{"count":9,"href":"https:\/\/www.camping-argeles-vacances.com\/es\/wp-json\/wp\/v2\/pages\/4880\/revisions"}],"predecessor-version":[{"id":4911,"href":"https:\/\/www.camping-argeles-vacances.com\/es\/wp-json\/wp\/v2\/pages\/4880\/revisions\/4911"}],"wp:featuredmedia":[{"embeddable":true,"href":"https:\/\/www.camping-argeles-vacances.com\/es\/wp-json\/wp\/v2\/media\/4171"}],"wp:attachment":[{"href":"https:\/\/www.camping-argeles-vacances.com\/es\/wp-json\/wp\/v2\/media?parent=4880"}],"wp:term":[{"taxonomy":"sujet","embeddable":true,"href":"https:\/\/www.camping-argeles-vacances.com\/es\/wp-json\/wp\/v2\/sujet?post=4880"}],"curies":[{"name":"wp","href":"https:\/\/api.w.org\/{rel}","templated":true}]}}