{"id":4875,"date":"2023-11-08T14:17:59","date_gmt":"2023-11-08T13:17:59","guid":{"rendered":"https:\/\/www.camping-argeles-vacances.com\/toerisme-pyrenees-orientales\/"},"modified":"2023-11-14T15:13:53","modified_gmt":"2023-11-14T14:13:53","slug":"toerisme-pyrenees-orientales","status":"publish","type":"page","link":"https:\/\/www.camping-argeles-vacances.com\/nl\/toerisme-pyrenees-orientales\/","title":{"rendered":"Toerisme Pyr\u00e9n\u00e9es Orientales"},"content":{"rendered":"<section id=\"ls-section-block_ed18eae8525a8cf04f910be19fb06af0\" class=\"ls-section  page-intro\" >\r\n        <div class=\"container \">\r\n        \n\n<div class=\"wp-block-columns is-layout-flex wp-container-core-columns-is-layout-9d6595d7 wp-block-columns-is-layout-flex\">\n<div class=\"wp-block-column is-layout-flow wp-block-column-is-layout-flow\">\n<h1 class=\"ls__heading wp-block-heading has-text-align-center\">Ontdek de Pyr\u00e9n\u00e9es-Orientales<\/h1>\n\n\n\n<p class=\"ls-paragraph has-text-align-center\">De <strong>Pyr\u00e9n\u00e9es-Orientales<\/strong>, genesteld tussen de Middellandse Zee en de Pyrenee\u00ebn, is een regio met prachtige landschappen en een rijke cultuur die Catalaanse, Spaanse en Franse invloeden combineert. Dit gebied ligt in het zuidelijke deel van de regio Occitanie en biedt een breed scala aan activiteiten, zowel voor liefhebbers van het buitenleven, liefhebbers van kunst en geschiedenis, als fijnproevers op zoek naar wijn en de regionale keuken.  <strong>Een bezoek aan de Pyr\u00e9n\u00e9es Orientales<\/strong> betekent het ontdekken van een ongerept erfgoed in een onvergelijkbare natuurlijke omgeving, tijdens uw verblijf op onze <a href=\"https:\/\/www.camping-argeles-vacances.com\/nl\/\">camping in Argel\u00e8s-sur-Mer<\/a> in Languedoc-Roussillon!<\/p>\n<\/div>\n<\/div>\n\n\r\n    <\/div>\r\n<\/section>\n\n<section id=\"ls-section-block_8f41dc1415da4b4a5b15232ef10cc817\" class=\"ls-section  page-one has-p-t p-t-0\" >\r\n        <div class=\"container container--wide\">\r\n        \n\n<div class=\"wp-block-columns is-layout-flex wp-container-core-columns-is-layout-9d6595d7 wp-block-columns-is-layout-flex\">\n<div class=\"wp-block-column is-vertically-aligned-center first is-layout-flow wp-block-column-is-layout-flow\" style=\"flex-basis:66.66%\">\n<figure class=\"wp-block-image size-full\"><a href=\"https:\/\/www.camping-argeles-vacances.com\/wp-content\/uploads\/2023\/11\/ascension-canigou.jpg\"><img decoding=\"async\" width=\"924\" height=\"616\" src=\"https:\/\/www.camping-argeles-vacances.com\/wp-content\/uploads\/2023\/11\/ascension-canigou.jpg\" alt=\"canigou beklimming\" class=\"wp-image-4041\" srcset=\"https:\/\/www.camping-argeles-vacances.com\/wp-content\/uploads\/2023\/11\/ascension-canigou.jpg 924w, https:\/\/www.camping-argeles-vacances.com\/wp-content\/uploads\/2023\/11\/ascension-canigou-300x200.jpg 300w, https:\/\/www.camping-argeles-vacances.com\/wp-content\/uploads\/2023\/11\/ascension-canigou-768x512.jpg 768w\" sizes=\"(max-width: 924px) 100vw, 924px\" \/><\/a><\/figure>\n<\/div>\n\n\n\n<div class=\"wp-block-column is-vertically-aligned-center second is-layout-flow wp-block-column-is-layout-flow\" style=\"flex-basis:33.33%\">\n<h2 class=\"ls__heading wp-block-heading deco\">Beklimming Canigou<\/h2>\n\n\n\n<p class=\"ls-paragraph\">Als je maar \u00e9\u00e9n wandeling te doen hebt tijdens je <strong>verblijf in de Pyr\u00e9n\u00e9es-Orientales<\/strong>, aarzel dan niet om te kiezen voor <strong>debeklimming van Canigou<\/strong>. Er zijn verschillende startpunten, zodat je de lengte en moeilijkheidsgraad van de klim kunt aanpassen aan je conditie en schema. De meest gebruikte routes zijn die vanaf de berghutten Cortalets en Mariailles.<\/p>\n\n\n\n<p class=\"ls-paragraph\">Je kunt meer te weten komen over deze routes in ons artikel over het beklimmen van de Canigou. We raden je echter sterk aan om wat tijd uit te trekken voor een wandeling op deze berg, die een <strong>heilig symbool is voor de Catalanen<\/strong>.<\/p>\n<\/div>\n<\/div>\n\n\r\n    <\/div>\r\n<\/section>\n\n<section id=\"ls-section-block_a13e6a1255c7850cc2fbe52764cf43a1\" class=\"ls-section  page-one has-background has-color-6-background-color has-p-t p-t-14 has-p-b p-b-14\" >\r\n        <div class=\"container container--wide\">\r\n        \n\n<div class=\"wp-block-columns is-layout-flex wp-container-core-columns-is-layout-9d6595d7 wp-block-columns-is-layout-flex\">\n<div class=\"wp-block-column is-vertically-aligned-center is-layout-flow wp-block-column-is-layout-flow\" style=\"flex-basis:33.33%\">\n<h2 class=\"ls__heading wp-block-heading deco\">Ontdek Perpignan en zijn geschiedenis<\/h2>\n\n\n\n<p class=\"ls-paragraph\"><strong>Een bezoek aan de Pyr\u00e9n\u00e9es-Orientales<\/strong> zonder een tussenstop in <strong>Perpignan<\/strong> is ondenkbaar. Hoewel het stadscentrum de afgelopen jaren te maken heeft gehad met een aanzienlijke verplaatsing van bedrijven, lijkt het een opleving door te maken. Je kunt ook van de gelegenheid gebruikmaken om Les <strong>Halles de Perpignan<\/strong> te bezoeken, een charmante overdekte markt waar regionale producten worden verkocht en die vooral populair is in de zomer.<\/p>\n\n\n\n<p class=\"ls-paragraph\">De Avenue du G\u00e9n\u00e9ral Leclerc herbergt een <strong>groot aantal bars en restaurants<\/strong>, waardoor het een ideale plek is voor een avondje uit. Als je ge\u00efnteresseerd bent in  <strong>culturele activiteiten<\/strong>Je kunt ook een bezoek brengen aan het Hyacinthe Rigaud kunstmuseum, het beroemde Castillet, de  <strong>Paleis van de koningen van Mallorca<\/strong>om een  <strong>rondleiding door de stad in een treintje<\/strong>  (alleen beschikbaar tijdens het zomerseizoen), of ga naar een voorstelling in het Th\u00e9\u00e2tre de l&#8217;Archipel of een concert in de legendarische concertzaal Le M\u00e9diator.<\/p>\n<\/div>\n\n\n\n<div class=\"wp-block-column is-vertically-aligned-center is-layout-flow wp-block-column-is-layout-flow\" style=\"flex-basis:66.66%\">\n<figure class=\"wp-block-image size-full\"><a href=\"https:\/\/www.camping-argeles-vacances.com\/wp-content\/uploads\/2023\/11\/decouvrir-perpignan.jpg\"><img decoding=\"async\" width=\"924\" height=\"616\" src=\"https:\/\/www.camping-argeles-vacances.com\/wp-content\/uploads\/2023\/11\/decouvrir-perpignan.jpg\" alt=\"ontdek perpignan\" class=\"wp-image-4047\" srcset=\"https:\/\/www.camping-argeles-vacances.com\/wp-content\/uploads\/2023\/11\/decouvrir-perpignan.jpg 924w, https:\/\/www.camping-argeles-vacances.com\/wp-content\/uploads\/2023\/11\/decouvrir-perpignan-300x200.jpg 300w, https:\/\/www.camping-argeles-vacances.com\/wp-content\/uploads\/2023\/11\/decouvrir-perpignan-768x512.jpg 768w\" sizes=\"(max-width: 924px) 100vw, 924px\" \/><\/a><\/figure>\n<\/div>\n<\/div>\n\n\r\n    <\/div>\r\n<\/section>\n\n<section id=\"ls-section-block_e66c4346e13cf4ee9bbf509ede4733b5\" class=\"ls-section \" >\r\n        <div class=\"container container--wide\">\r\n        \n\n<div class=\"wp-block-columns is-layout-flex wp-container-core-columns-is-layout-9d6595d7 wp-block-columns-is-layout-flex\">\n<div class=\"wp-block-column is-layout-flow wp-block-column-is-layout-flow\">\n<h2 class=\"ls__heading wp-block-heading has-text-align-center deco-top-center\">Zwemmen in het Nationaal Natuurreservaat Banyuls-Cerb\u00e8re<\/h2>\n\n\n\n<p class=\"ls-paragraph has-text-align-center\">Het <strong>reservaat Banyuls-Cerb\u00e8re<\/strong>, het eerste nationale mariene natuurreservaat van Frankrijk, ligt aan de Middellandse Zeekust van de regio Pyr\u00e9n\u00e9es-Orientales. Dit reservaat, dat zich uitstrekt van Banyuls-sur-Mer tot Cerb\u00e8re, is een van<strong>de parels van de C\u00f4te Vermeille<\/strong>. Het is een van onze favoriete zwemplekken in de zomer.<\/p>\n\n\n\n<p class=\"ls-paragraph has-text-align-center\">Toegegeven, het kan er een beetje druk zijn, maar als je &#8217;s ochtends vroeg komt, kun je optimaal van het reservaat profiteren. Je kunt een heleboel vissen spotten, zelfs zonder ver van de kust te gaan. Met alleen een masker en snorkel zul je onder water zeker een onvergetelijke tijd beleven terwijl je het onderwaterpad verkent.<\/p>\n<\/div>\n<\/div>\n\n\r\n    <\/div>\r\n<\/section>\n\n<section id=\"ls-section-block_17be8569852de64bd77f5c20706f88a1\" class=\"ls-section  page-one has-background has-color-6-background-color\" >\r\n        <div class=\"container container--wide\">\r\n        \n\n<div class=\"wp-block-columns is-layout-flex wp-container-core-columns-is-layout-9d6595d7 wp-block-columns-is-layout-flex\">\n<div class=\"wp-block-column is-vertically-aligned-center first is-layout-flow wp-block-column-is-layout-flow\" style=\"flex-basis:66.66%\">\n<figure class=\"wp-block-image size-full\"><a href=\"https:\/\/www.camping-argeles-vacances.com\/wp-content\/uploads\/2023\/11\/visiter-collioure.jpg\"><img decoding=\"async\" width=\"924\" height=\"616\" src=\"https:\/\/www.camping-argeles-vacances.com\/wp-content\/uploads\/2023\/11\/visiter-collioure.jpg\" alt=\"bezoek collioure\" class=\"wp-image-4052\" srcset=\"https:\/\/www.camping-argeles-vacances.com\/wp-content\/uploads\/2023\/11\/visiter-collioure.jpg 924w, https:\/\/www.camping-argeles-vacances.com\/wp-content\/uploads\/2023\/11\/visiter-collioure-300x200.jpg 300w, https:\/\/www.camping-argeles-vacances.com\/wp-content\/uploads\/2023\/11\/visiter-collioure-768x512.jpg 768w\" sizes=\"(max-width: 924px) 100vw, 924px\" \/><\/a><\/figure>\n<\/div>\n\n\n\n<div class=\"wp-block-column is-vertically-aligned-center second is-layout-flow wp-block-column-is-layout-flow\" style=\"flex-basis:33.33%\">\n<h2 class=\"ls__heading wp-block-heading\">Ontdek Collioure, het dorp van duizend kleuren<\/h2>\n\n\n\n<p class=\"ls-paragraph\"><strong>Een bezoek aan de Pyr\u00e9n\u00e9es-Orientales<\/strong> is ondenkbaar zonder een tussenstop in Collioure, dat vaak het dorp van de schilders en de bakermat van het fauvisme wordt genoemd. Dit dorp, met zijn emblematische &#8220;voeten in het water&#8221; klokkentoren, is een unieke plek in Frankrijk en een must-see stop tijdens je <strong>vakantie in de Pyr\u00e9n\u00e9es Orientales<\/strong>.<\/p>\n\n\n\n<p class=\"ls-paragraph\">Hoewel het niet officieel op de lijst van de mooiste dorpen van Frankrijk staat, is het niettemin absoluut prachtig. Een dag lang kun je genieten van het strand, slenteren door de pittoreske, kleurrijke straatjes, de ambachtelijke winkeltjes ontdekken, de baaien verkennen en, waarom niet, het koninklijk kasteel bezoeken.<\/p>\n<\/div>\n<\/div>\n\n\r\n    <\/div>\r\n<\/section>\n\n<section id=\"ls-section-block_e66c4346e13cf4ee9bbf509ede4733b5\" class=\"ls-section \" >\r\n        <div class=\"container container--wide\">\r\n        \n\n<div class=\"wp-block-columns is-layout-flex wp-container-core-columns-is-layout-9d6595d7 wp-block-columns-is-layout-flex\">\n<div class=\"wp-block-column is-vertically-aligned-center is-layout-flow wp-block-column-is-layout-flow\" style=\"flex-basis:33.33%\">\n<h2 class=\"ls__heading wp-block-heading deco\">Bezoek 4 van de mooiste dorpen van Frankrijk<\/h2>\n\n\n\n<p class=\"ls-paragraph\">Als je<strong> de Pyr\u00e9n\u00e9es-Orientales bezoekt<\/strong>, mis dan niet de kans om vier van de &#8220;Mooiste Dorpen van Frankrijk&#8221; te verkennen. <strong>Villefranche-de-Conflent<\/strong>, een van onze favoriete bestemmingen, is een voormalige koopmansstad en staat op de Werelderfgoedlijst van UNESCO. En vergeet niet een bezoek te brengen aan het rustgevende <strong>Castelnou<\/strong> met zijn middeleeuwse kasteel, een echt juweeltje, en Eus, het zonnigste dorp van Frankrijk.<\/p>\n\n\n\n<p class=\"ls-paragraph\">Tot slot ligt op slechts 15 minuten rijden van <strong>Villefranche-de-Conflent<\/strong> <strong>Evol<\/strong>, een andere interessante bestemming die je gemakkelijk kunt combineren met je route. En dat zijn nog maar 4 van de mooiste dorpjes die we hebben genoemd, we kunnen nog wel even doorgaan met Sainte-Marie-la-Mer bijvoorbeeld.<\/p>\n<\/div>\n\n\n\n<div class=\"wp-block-column is-vertically-aligned-center is-layout-flow wp-block-column-is-layout-flow\" style=\"flex-basis:66.66%\">\n<figure class=\"wp-block-image size-full\"><a href=\"https:\/\/www.camping-argeles-vacances.com\/wp-content\/uploads\/2023\/11\/visite-castelnou.jpg\"><img decoding=\"async\" width=\"924\" height=\"616\" src=\"https:\/\/www.camping-argeles-vacances.com\/wp-content\/uploads\/2023\/11\/visite-castelnou.jpg\" alt=\"bezoek castelnou\" class=\"wp-image-4057\" srcset=\"https:\/\/www.camping-argeles-vacances.com\/wp-content\/uploads\/2023\/11\/visite-castelnou.jpg 924w, https:\/\/www.camping-argeles-vacances.com\/wp-content\/uploads\/2023\/11\/visite-castelnou-300x200.jpg 300w, https:\/\/www.camping-argeles-vacances.com\/wp-content\/uploads\/2023\/11\/visite-castelnou-768x512.jpg 768w\" sizes=\"(max-width: 924px) 100vw, 924px\" \/><\/a><\/figure>\n<\/div>\n<\/div>\n\n\r\n    <\/div>\r\n<\/section>\n\n<section id=\"ls-section-block_8d71b328fd3f6e31947bf7ed75cf8d4f\" class=\"ls-section  has-background has-color-6-background-color\" >\r\n        <div class=\"container container--wide\">\r\n        \n\n<div class=\"wp-block-columns is-layout-flex wp-container-core-columns-is-layout-9d6595d7 wp-block-columns-is-layout-flex\">\n<div class=\"wp-block-column is-layout-flow wp-block-column-is-layout-flow\">\n<h2 class=\"ls__heading wp-block-heading has-text-align-center deco-top-center\">Bewonder de fascinerende geologie van de Orgues d&#8217;Ille-sur-T\u00eat<\/h2>\n\n\n\n<p class=\"ls-paragraph has-text-align-center\">Voor je eerste bezoek aan de Pyr\u00e9n\u00e9es-Orientales mag je het indrukwekkende geologische spektakel van de <strong>Orgues d&#8217;Ille-sur-T\u00eat<\/strong> niet missen. Deze <strong>spectaculaire rotsformaties<\/strong> zijn een natuurwonder dat je niet mag missen. Deze tour, die in een halve dag kan worden voltooid, zal jong en oud bekoren.<\/p>\n\n\n\n<p class=\"ls-paragraph has-text-align-center\">Je kunt dit bezoek combineren met een namiddag die gewijd is aan sportieve activiteiten zoals accrobranche, kajakken, tubing, enz. Marquixanes, of bezoek het pittoreske dorpje Eus, dat bekend staat als het zonnigste dorp van Frankrijk, of wandel langs de haven van Saint-Cyprien.<\/p>\n<\/div>\n<\/div>\n\n\r\n    <\/div>\r\n<\/section>\n\n<section id=\"ls-section-block_e66c4346e13cf4ee9bbf509ede4733b5\" class=\"ls-section \" >\r\n        <div class=\"container container--wide\">\r\n        \n\n<div class=\"wp-block-columns is-layout-flex wp-container-core-columns-is-layout-9d6595d7 wp-block-columns-is-layout-flex\">\n<div class=\"wp-block-column first is-layout-flow wp-block-column-is-layout-flow\" style=\"flex-basis:66.66%\">\n<figure class=\"wp-block-image size-full\"><a href=\"https:\/\/www.camping-argeles-vacances.com\/wp-content\/uploads\/2023\/11\/specialite-culinaire-rousquille.jpg\"><img decoding=\"async\" width=\"924\" height=\"616\" src=\"https:\/\/www.camping-argeles-vacances.com\/wp-content\/uploads\/2023\/11\/specialite-culinaire-rousquille.jpg\" alt=\"culinaire specialiteit rousquille\" class=\"wp-image-4062\" srcset=\"https:\/\/www.camping-argeles-vacances.com\/wp-content\/uploads\/2023\/11\/specialite-culinaire-rousquille.jpg 924w, https:\/\/www.camping-argeles-vacances.com\/wp-content\/uploads\/2023\/11\/specialite-culinaire-rousquille-300x200.jpg 300w, https:\/\/www.camping-argeles-vacances.com\/wp-content\/uploads\/2023\/11\/specialite-culinaire-rousquille-768x512.jpg 768w\" sizes=\"(max-width: 924px) 100vw, 924px\" \/><\/a><\/figure>\n<\/div>\n\n\n\n<div class=\"wp-block-column is-vertically-aligned-center second is-layout-flow wp-block-column-is-layout-flow\" style=\"flex-basis:33.33%\">\n<h2 class=\"ls__heading wp-block-heading\">Proef de Rousquille, een van de emblematische gebakjes uit de regio<\/h2>\n\n\n\n<p class=\"ls-paragraph\">Rousquilles zijn ongetwijfeld een van de beste Catalaanse gebakjes. Voor wie het niet weet: dit zijn smeltkoekjes op smaak gebracht met oranjebloesem, citroen of anijs. Elke patissier geeft er zijn eigen draai aan en past het recept aan zijn smaak aan, maar de Rousquille de Elne mag je niet missen.<\/p>\n<\/div>\n<\/div>\n\n\r\n    <\/div>\r\n<\/section>\n\n<section id=\"ls-section-block_e66c4346e13cf4ee9bbf509ede4733b5\" class=\"ls-section \" >\r\n        <div class=\"container container--wide\">\r\n        \n\n<div class=\"wp-block-columns is-layout-flex wp-container-core-columns-is-layout-9d6595d7 wp-block-columns-is-layout-flex\">\n<div class=\"wp-block-column is-vertically-aligned-center is-layout-flow wp-block-column-is-layout-flow\" style=\"flex-basis:33.33%\">\n<h2 class=\"ls__heading wp-block-heading deco\">Wandelen over het kustpad<\/h2>\n\n\n\n<p class=\"ls-paragraph\">De <strong>sentier du Littoral<\/strong> is een van de beroemdste wandelingen in de Pyr\u00e9n\u00e9es-Orientales. Met weinig moeite kun je tijdens deze wandeling de zeelucht inademen terwijl je door pittoreske dorpjes loopt en adembenemende panorama&#8217;s bewondert, gekenmerkt door het contrast tussen de rotsen en het diepe blauw van de Middellandse Zee.<\/p>\n\n\n\n<p class=\"ls-paragraph\">De route van 35 km brengt je van <a href=\"https:\/\/www.camping-argeles-vacances.com\/nl\/toerisme-pyrenees-orientales\/toerisme-argeles-sur-mer\/\">Argel\u00e8s-sur-Mer<\/a> naar Cerb\u00e8re, helemaal tot aan de Spaanse grens. Dit pad, ook wel bekend als het douanepad of smokkelaarspad, loopt over 13 kilometer door het charmante vissersdorp Port-Vendres, langs La Mauresque, de haven, de Redoutes, de fabelachtige Cap B\u00e9ar met zijn iconische vuurtoren en de baai van Paulilles. Onderweg kun je genieten van spectaculaire uitzichten over de C\u00f4te Vermeille.<\/p>\n<\/div>\n\n\n\n<div class=\"wp-block-column is-vertically-aligned-center is-layout-flow wp-block-column-is-layout-flow\" style=\"flex-basis:66.66%\">\n<figure class=\"wp-block-image size-full\"><a href=\"https:\/\/www.camping-argeles-vacances.com\/wp-content\/uploads\/2023\/11\/sentier-du-littoral-argeles-1.jpg\"><img decoding=\"async\" width=\"924\" height=\"616\" src=\"https:\/\/www.camping-argeles-vacances.com\/wp-content\/uploads\/2023\/11\/sentier-du-littoral-argeles-1.jpg\" alt=\"kustwacht argeles 1\" class=\"wp-image-4067\" srcset=\"https:\/\/www.camping-argeles-vacances.com\/wp-content\/uploads\/2023\/11\/sentier-du-littoral-argeles-1.jpg 924w, https:\/\/www.camping-argeles-vacances.com\/wp-content\/uploads\/2023\/11\/sentier-du-littoral-argeles-1-300x200.jpg 300w, https:\/\/www.camping-argeles-vacances.com\/wp-content\/uploads\/2023\/11\/sentier-du-littoral-argeles-1-768x512.jpg 768w\" sizes=\"(max-width: 924px) 100vw, 924px\" \/><\/a><\/figure>\n<\/div>\n<\/div>\n\n\r\n    <\/div>\r\n<\/section>\n\n<section id=\"ls-section-block_8d71b328fd3f6e31947bf7ed75cf8d4f\" class=\"ls-section  has-background has-color-6-background-color\" >\r\n        <div class=\"container container--wide\">\r\n        \n\n<div class=\"wp-block-columns is-layout-flex wp-container-core-columns-is-layout-9d6595d7 wp-block-columns-is-layout-flex\">\n<div class=\"wp-block-column is-layout-flow wp-block-column-is-layout-flow\">\n<h2 class=\"ls__heading wp-block-heading has-text-align-center deco-top-center\">Neem de gele trein<\/h2>\n\n\n\n<p class=\"ls-paragraph has-text-align-center\">Stap op een paar kilometer van Canet-en-Roussillon op deze <strong>toeristische trein<\/strong> om het <strong>prachtige landschap van de Pyr\u00e9n\u00e9es Orientales<\/strong> te bewonderen. De route voert door een prachtig landschap met adembenemende uitzichten op bergen en valleien. Deze beroemde gele trein staat op de Werelderfgoedlijst van UNESCO en rijdt van Villefranche-de-Conflent naar Font Romeu.<\/p>\n\n\n\n<p class=\"ls-paragraph has-text-align-center\">Je kunt rond het Lac des Bouillouses wandelen, genieten van een picknick in de zon, je benen strekken in Matemale of de Pic Carlit verkennen. Tijdens deze tocht aan boord van het gele treintje en deze excursie naar de hoogten van Les Bouillouses ontdek je de regio&#8217;s Haut-Conflent, Cerdagne en Capcir. Er is geen tekort aan idee\u00ebn voor wandelingen en trektochten in het <strong>Regionaal Natuurpark van de Pyrenee\u00ebn<\/strong>.<\/p>\n<\/div>\n<\/div>\n\n\r\n    <\/div>\r\n<\/section>\n\n<section id=\"ls-section-block_e66c4346e13cf4ee9bbf509ede4733b5\" class=\"ls-section \" >\r\n        <div class=\"container container--wide\">\r\n        \n\n<div class=\"wp-block-columns is-layout-flex wp-container-core-columns-is-layout-9d6595d7 wp-block-columns-is-layout-flex\">\n<div class=\"wp-block-column is-vertically-aligned-center first is-layout-flow wp-block-column-is-layout-flow\" style=\"flex-basis:66.66%\">\n<figure class=\"wp-block-image size-full\"><a href=\"https:\/\/www.camping-argeles-vacances.com\/wp-content\/uploads\/2023\/11\/abbaye-saint-martin-de-canigo.jpg\"><img decoding=\"async\" width=\"924\" height=\"616\" src=\"https:\/\/www.camping-argeles-vacances.com\/wp-content\/uploads\/2023\/11\/abbaye-saint-martin-de-canigo.jpg\" alt=\"abdij saint martin de canigo\" class=\"wp-image-4142\" srcset=\"https:\/\/www.camping-argeles-vacances.com\/wp-content\/uploads\/2023\/11\/abbaye-saint-martin-de-canigo.jpg 924w, https:\/\/www.camping-argeles-vacances.com\/wp-content\/uploads\/2023\/11\/abbaye-saint-martin-de-canigo-300x200.jpg 300w, https:\/\/www.camping-argeles-vacances.com\/wp-content\/uploads\/2023\/11\/abbaye-saint-martin-de-canigo-768x512.jpg 768w\" sizes=\"(max-width: 924px) 100vw, 924px\" \/><\/a><\/figure>\n<\/div>\n\n\n\n<div class=\"wp-block-column is-vertically-aligned-center second is-layout-flow wp-block-column-is-layout-flow\" style=\"flex-basis:33.33%\">\n<h2 class=\"ls__heading wp-block-heading\">Bezoek de abdij van Saint-Martin-du-Canig\u00f3<\/h2>\n\n\n\n<p class=\"ls-paragraph\">Een van de <strong>parels van het erfgoed van de Pyr\u00e9n\u00e9es-Orientales<\/strong> is ongetwijfeld de<strong>abdij van Saint-Martin-du-Canig\u00f3<\/strong>. Deze abdij, die in 1889 werd uitgeroepen tot historisch monument, is een <strong>waar symbool van romaanse architectuur<\/strong> en een culturele pijler van de regio. De abdij wordt omringd door een weelderig landschap en staat op een heuveltop die uitkijkt over de Cady-vallei.<\/p>\n\n\n\n<p class=\"ls-paragraph\">De tocht vertrekt vanuit het dorp Casteil, een van de stopplaatsen op de route naar Santiago de Compostela. Het duurt ongeveer een half uur om naar de abdij te lopen. De reis wordt beloond met de aanblik van een grootschalige architectonische site, bewonderenswaardig goed bewaard gebleven. De abdij bestaat uit twee basilieken, een bovenste en een onderste, die ondergronds liggen. Omdat de abdij nog steeds wordt bewoond door een religieuze gemeenschap, is het raadzaam om de bezoektijden te controleren voordat je de abdij bezoekt.<\/p>\n<\/div>\n<\/div>\n\n\r\n    <\/div>\r\n<\/section>\n\n<section id=\"ls-section-block_e66c4346e13cf4ee9bbf509ede4733b5\" class=\"ls-section \" >\r\n        <div class=\"container container--wide\">\r\n        \n\n<div class=\"wp-block-columns is-layout-flex wp-container-core-columns-is-layout-9d6595d7 wp-block-columns-is-layout-flex\">\n<div class=\"wp-block-column is-vertically-aligned-center is-layout-flow wp-block-column-is-layout-flow\" style=\"flex-basis:33.33%\">\n<h2 class=\"ls__heading wp-block-heading deco\">Een bezoek aan het prehistorische dorp Tautavel<\/h2>\n\n\n\n<p class=\"ls-paragraph\">In 1971 groeven onderzoekers in de buurt van het dorp <strong>Tautavel<\/strong> een menselijke schedel op die 450.000 jaar oud was! Een historische en uitzonderlijke vondst die dit kleine dorp in de Pyr\u00e9n\u00e9es-Orientales zo beroemd heeft gemaakt.<\/p>\n\n\n\n<p class=\"ls-paragraph\">Het winterseizoen biedt de perfecte gelegenheid om je onder te dompelen in het verleden door een bezoek te brengen aan de <strong>Tautavel-grot en het prehistorische museum<\/strong>. Deze wereldberoemde vindplaats heeft zo&#8217;n honderd menselijke overblijfselen opgeleverd, waaronder een melktand van 580.000 jaar oud die in 2018 werd ontdekt.<\/p>\n<\/div>\n\n\n\n<div class=\"wp-block-column is-vertically-aligned-center is-layout-flow wp-block-column-is-layout-flow\" style=\"flex-basis:66.66%\">\n<figure class=\"wp-block-image size-full\"><a href=\"https:\/\/www.camping-argeles-vacances.com\/wp-content\/uploads\/2023\/11\/village-tautavel.jpg\"><img decoding=\"async\" width=\"924\" height=\"616\" src=\"https:\/\/www.camping-argeles-vacances.com\/wp-content\/uploads\/2023\/11\/village-tautavel.jpg\" alt=\"tautaveldorp\" class=\"wp-image-4162\" srcset=\"https:\/\/www.camping-argeles-vacances.com\/wp-content\/uploads\/2023\/11\/village-tautavel.jpg 924w, https:\/\/www.camping-argeles-vacances.com\/wp-content\/uploads\/2023\/11\/village-tautavel-300x200.jpg 300w, https:\/\/www.camping-argeles-vacances.com\/wp-content\/uploads\/2023\/11\/village-tautavel-768x512.jpg 768w\" sizes=\"(max-width: 924px) 100vw, 924px\" \/><\/a><\/figure>\n<\/div>\n<\/div>\n\n\r\n    <\/div>\r\n<\/section>\n\n<section id=\"ls-section-block_8d71b328fd3f6e31947bf7ed75cf8d4f\" class=\"ls-section  has-background has-color-6-background-color\" >\r\n        <div class=\"container container--wide\">\r\n        \n\n<div class=\"wp-block-columns is-layout-flex wp-container-core-columns-is-layout-9d6595d7 wp-block-columns-is-layout-flex\">\n<div class=\"wp-block-column is-layout-flow wp-block-column-is-layout-flow\">\n<h2 class=\"ls__heading wp-block-heading has-text-align-center deco-top-center\">Doe nieuwe energie op bij Les Bouillouses<\/h2>\n\n\n\n<p class=\"ls-paragraph has-text-align-center\">Trakteer jezelf op een betoverend intermezzo in <strong>Bouillouses<\/strong>, met familie of vrienden, voor een complete onderbreking van het dagelijks leven. Het <strong>Lac des Bouillouses<\/strong> staat op de lijst van natuurgebieden en staat bol van de buitenactiviteiten.<\/p>\n\n\n\n<p class=\"ls-paragraph has-text-align-center\">Gelegen in het hart van de Pyrenee\u00ebn, kun je er over de weg of via een stoeltjeslift komen. De site, een waar heiligdom van ongerepte natuur, is een spectaculair gezicht, met een overvloed aan verschillende planten- en diersoorten. Het is de ideale plek om te ontspannen met het gezin, te picknicken of te vissen bij het meer.<\/p>\n\n\n\n<p class=\"ls-paragraph has-text-align-center\">Voor de avonturiers zijn er verschillende wandelpaden en zelfs klimspots voor alle niveaus! Een plek die natuurliefhebbers en iedereen die op zoek is naar een ontsnapping aan de drukte van alledag zal bevallen.<\/p>\n<\/div>\n<\/div>\n\n\r\n    <\/div>\r\n<\/section>","protected":false},"excerpt":{"rendered":"","protected":false},"author":2,"featured_media":4168,"parent":0,"menu_order":0,"comment_status":"closed","ping_status":"closed","template":"","meta":{"_acf_changed":false,"inline_featured_image":false,"footnotes":""},"sujet":[],"class_list":["post-4875","page","type-page","status-publish","has-post-thumbnail","hentry"],"acf":[],"yoast_head":"<!-- This site is optimized with the Yoast SEO plugin v22.5 - https:\/\/yoast.com\/wordpress\/plugins\/seo\/ -->\n<title>Een bezoek aan de Pyr\u00e9n\u00e9es Orientales: wat te zien en te doen in de Pyr\u00e9n\u00e9es Orientales<\/title>\n<meta name=\"description\" content=\"Wil je de Pyr\u00e9n\u00e9es Orientales bezoeken tijdens je volgende vakantie? Ontdek onze selectie van de leukste dingen om te zien en te doen in de Pyr\u00e9n\u00e9es Orientales\" \/>\n<meta name=\"robots\" content=\"index, follow, max-snippet:-1, max-image-preview:large, max-video-preview:-1\" \/>\n<link rel=\"canonical\" href=\"https:\/\/www.camping-argeles-vacances.com\/nl\/toerisme-pyrenees-orientales\/\" \/>\n<meta property=\"og:locale\" content=\"nl_NL\" \/>\n<meta property=\"og:type\" content=\"article\" \/>\n<meta property=\"og:title\" content=\"Een bezoek aan de Pyr\u00e9n\u00e9es Orientales: wat te zien en te doen in de Pyr\u00e9n\u00e9es Orientales\" \/>\n<meta property=\"og:description\" content=\"Wil je de Pyr\u00e9n\u00e9es Orientales bezoeken tijdens je volgende vakantie? Ontdek onze selectie van de leukste dingen om te zien en te doen in de Pyr\u00e9n\u00e9es Orientales\" \/>\n<meta property=\"og:url\" content=\"https:\/\/www.camping-argeles-vacances.com\/nl\/toerisme-pyrenees-orientales\/\" \/>\n<meta property=\"og:site_name\" content=\"Argel\u00e8s Vacances\" \/>\n<meta property=\"article:modified_time\" content=\"2023-11-14T14:13:53+00:00\" \/>\n<meta property=\"og:image\" content=\"https:\/\/www.camping-argeles-vacances.com\/wp-content\/uploads\/2023\/11\/tourisme-pyrenees-orientales.jpg\" \/>\n\t<meta property=\"og:image:width\" content=\"1903\" \/>\n\t<meta property=\"og:image:height\" content=\"670\" \/>\n\t<meta property=\"og:image:type\" content=\"image\/jpeg\" \/>\n<meta name=\"twitter:card\" content=\"summary_large_image\" \/>\n<meta name=\"twitter:label1\" content=\"Geschatte leestijd\" \/>\n\t<meta name=\"twitter:data1\" content=\"10 minuten\" \/>\n<script type=\"application\/ld+json\" class=\"yoast-schema-graph\">{\"@context\":\"https:\/\/schema.org\",\"@graph\":[{\"@type\":\"WebPage\",\"@id\":\"https:\/\/www.camping-argeles-vacances.com\/nl\/toerisme-pyrenees-orientales\/\",\"url\":\"https:\/\/www.camping-argeles-vacances.com\/nl\/toerisme-pyrenees-orientales\/\",\"name\":\"Een bezoek aan de Pyr\u00e9n\u00e9es Orientales: wat te zien en te doen in de Pyr\u00e9n\u00e9es Orientales\",\"isPartOf\":{\"@id\":\"https:\/\/www.camping-argeles-vacances.com\/nl\/#website\"},\"primaryImageOfPage\":{\"@id\":\"https:\/\/www.camping-argeles-vacances.com\/nl\/toerisme-pyrenees-orientales\/#primaryimage\"},\"image\":{\"@id\":\"https:\/\/www.camping-argeles-vacances.com\/nl\/toerisme-pyrenees-orientales\/#primaryimage\"},\"thumbnailUrl\":\"https:\/\/www.camping-argeles-vacances.com\/wp-content\/uploads\/2023\/11\/tourisme-pyrenees-orientales.jpg\",\"datePublished\":\"2023-11-08T13:17:59+00:00\",\"dateModified\":\"2023-11-14T14:13:53+00:00\",\"description\":\"Wil je de Pyr\u00e9n\u00e9es Orientales bezoeken tijdens je volgende vakantie? Ontdek onze selectie van de leukste dingen om te zien en te doen in de Pyr\u00e9n\u00e9es Orientales\",\"breadcrumb\":{\"@id\":\"https:\/\/www.camping-argeles-vacances.com\/nl\/toerisme-pyrenees-orientales\/#breadcrumb\"},\"inLanguage\":\"nl-NL\",\"potentialAction\":[{\"@type\":\"ReadAction\",\"target\":[\"https:\/\/www.camping-argeles-vacances.com\/nl\/toerisme-pyrenees-orientales\/\"]}]},{\"@type\":\"ImageObject\",\"inLanguage\":\"nl-NL\",\"@id\":\"https:\/\/www.camping-argeles-vacances.com\/nl\/toerisme-pyrenees-orientales\/#primaryimage\",\"url\":\"https:\/\/www.camping-argeles-vacances.com\/wp-content\/uploads\/2023\/11\/tourisme-pyrenees-orientales.jpg\",\"contentUrl\":\"https:\/\/www.camping-argeles-vacances.com\/wp-content\/uploads\/2023\/11\/tourisme-pyrenees-orientales.jpg\",\"width\":1903,\"height\":670,\"caption\":\"toerisme pyrenee\u00ebn orientales\"},{\"@type\":\"BreadcrumbList\",\"@id\":\"https:\/\/www.camping-argeles-vacances.com\/nl\/toerisme-pyrenees-orientales\/#breadcrumb\",\"itemListElement\":[{\"@type\":\"ListItem\",\"position\":1,\"name\":\"Camping Argel\u00e8s-sur-Mer\",\"item\":\"https:\/\/www.camping-argeles-vacances.com\/nl\/\"},{\"@type\":\"ListItem\",\"position\":2,\"name\":\"Toerisme Pyr\u00e9n\u00e9es Orientales\"}]},{\"@type\":\"WebSite\",\"@id\":\"https:\/\/www.camping-argeles-vacances.com\/nl\/#website\",\"url\":\"https:\/\/www.camping-argeles-vacances.com\/nl\/\",\"name\":\"Argel\u00e8s Vacances\",\"description\":\"Un camping 4 \u00e9toiles au coeur d\u2019Argeles-sur-Mer\",\"publisher\":{\"@id\":\"https:\/\/www.camping-argeles-vacances.com\/nl\/#organization\"},\"potentialAction\":[{\"@type\":\"SearchAction\",\"target\":{\"@type\":\"EntryPoint\",\"urlTemplate\":\"https:\/\/www.camping-argeles-vacances.com\/nl\/?s={search_term_string}\"},\"query-input\":\"required name=search_term_string\"}],\"inLanguage\":\"nl-NL\"},{\"@type\":\"Organization\",\"@id\":\"https:\/\/www.camping-argeles-vacances.com\/nl\/#organization\",\"name\":\"Argel\u00e8s Vacances\",\"url\":\"https:\/\/www.camping-argeles-vacances.com\/nl\/\",\"logo\":{\"@type\":\"ImageObject\",\"inLanguage\":\"nl-NL\",\"@id\":\"https:\/\/www.camping-argeles-vacances.com\/nl\/#\/schema\/logo\/image\/\",\"url\":\"https:\/\/www.camping-argeles-vacances.com\/wp-content\/uploads\/2023\/11\/cropped-cropped-Logo_Argeles-vacances.png\",\"contentUrl\":\"https:\/\/www.camping-argeles-vacances.com\/wp-content\/uploads\/2023\/11\/cropped-cropped-Logo_Argeles-vacances.png\",\"width\":552,\"height\":130,\"caption\":\"Argel\u00e8s Vacances\"},\"image\":{\"@id\":\"https:\/\/www.camping-argeles-vacances.com\/nl\/#\/schema\/logo\/image\/\"}}]}<\/script>\n<!-- \/ Yoast SEO plugin. -->","yoast_head_json":{"title":"Een bezoek aan de Pyr\u00e9n\u00e9es Orientales: wat te zien en te doen in de Pyr\u00e9n\u00e9es Orientales","description":"Wil je de Pyr\u00e9n\u00e9es Orientales bezoeken tijdens je volgende vakantie? Ontdek onze selectie van de leukste dingen om te zien en te doen in de Pyr\u00e9n\u00e9es Orientales","robots":{"index":"index","follow":"follow","max-snippet":"max-snippet:-1","max-image-preview":"max-image-preview:large","max-video-preview":"max-video-preview:-1"},"canonical":"https:\/\/www.camping-argeles-vacances.com\/nl\/toerisme-pyrenees-orientales\/","og_locale":"nl_NL","og_type":"article","og_title":"Een bezoek aan de Pyr\u00e9n\u00e9es Orientales: wat te zien en te doen in de Pyr\u00e9n\u00e9es Orientales","og_description":"Wil je de Pyr\u00e9n\u00e9es Orientales bezoeken tijdens je volgende vakantie? Ontdek onze selectie van de leukste dingen om te zien en te doen in de Pyr\u00e9n\u00e9es Orientales","og_url":"https:\/\/www.camping-argeles-vacances.com\/nl\/toerisme-pyrenees-orientales\/","og_site_name":"Argel\u00e8s Vacances","article_modified_time":"2023-11-14T14:13:53+00:00","og_image":[{"width":1903,"height":670,"url":"https:\/\/www.camping-argeles-vacances.com\/wp-content\/uploads\/2023\/11\/tourisme-pyrenees-orientales.jpg","type":"image\/jpeg"}],"twitter_card":"summary_large_image","twitter_misc":{"Geschatte leestijd":"10 minuten"},"schema":{"@context":"https:\/\/schema.org","@graph":[{"@type":"WebPage","@id":"https:\/\/www.camping-argeles-vacances.com\/nl\/toerisme-pyrenees-orientales\/","url":"https:\/\/www.camping-argeles-vacances.com\/nl\/toerisme-pyrenees-orientales\/","name":"Een bezoek aan de Pyr\u00e9n\u00e9es Orientales: wat te zien en te doen in de Pyr\u00e9n\u00e9es Orientales","isPartOf":{"@id":"https:\/\/www.camping-argeles-vacances.com\/nl\/#website"},"primaryImageOfPage":{"@id":"https:\/\/www.camping-argeles-vacances.com\/nl\/toerisme-pyrenees-orientales\/#primaryimage"},"image":{"@id":"https:\/\/www.camping-argeles-vacances.com\/nl\/toerisme-pyrenees-orientales\/#primaryimage"},"thumbnailUrl":"https:\/\/www.camping-argeles-vacances.com\/wp-content\/uploads\/2023\/11\/tourisme-pyrenees-orientales.jpg","datePublished":"2023-11-08T13:17:59+00:00","dateModified":"2023-11-14T14:13:53+00:00","description":"Wil je de Pyr\u00e9n\u00e9es Orientales bezoeken tijdens je volgende vakantie? Ontdek onze selectie van de leukste dingen om te zien en te doen in de Pyr\u00e9n\u00e9es Orientales","breadcrumb":{"@id":"https:\/\/www.camping-argeles-vacances.com\/nl\/toerisme-pyrenees-orientales\/#breadcrumb"},"inLanguage":"nl-NL","potentialAction":[{"@type":"ReadAction","target":["https:\/\/www.camping-argeles-vacances.com\/nl\/toerisme-pyrenees-orientales\/"]}]},{"@type":"ImageObject","inLanguage":"nl-NL","@id":"https:\/\/www.camping-argeles-vacances.com\/nl\/toerisme-pyrenees-orientales\/#primaryimage","url":"https:\/\/www.camping-argeles-vacances.com\/wp-content\/uploads\/2023\/11\/tourisme-pyrenees-orientales.jpg","contentUrl":"https:\/\/www.camping-argeles-vacances.com\/wp-content\/uploads\/2023\/11\/tourisme-pyrenees-orientales.jpg","width":1903,"height":670,"caption":"toerisme pyrenee\u00ebn orientales"},{"@type":"BreadcrumbList","@id":"https:\/\/www.camping-argeles-vacances.com\/nl\/toerisme-pyrenees-orientales\/#breadcrumb","itemListElement":[{"@type":"ListItem","position":1,"name":"Camping Argel\u00e8s-sur-Mer","item":"https:\/\/www.camping-argeles-vacances.com\/nl\/"},{"@type":"ListItem","position":2,"name":"Toerisme Pyr\u00e9n\u00e9es Orientales"}]},{"@type":"WebSite","@id":"https:\/\/www.camping-argeles-vacances.com\/nl\/#website","url":"https:\/\/www.camping-argeles-vacances.com\/nl\/","name":"Argel\u00e8s Vacances","description":"Un camping 4 \u00e9toiles au coeur d\u2019Argeles-sur-Mer","publisher":{"@id":"https:\/\/www.camping-argeles-vacances.com\/nl\/#organization"},"potentialAction":[{"@type":"SearchAction","target":{"@type":"EntryPoint","urlTemplate":"https:\/\/www.camping-argeles-vacances.com\/nl\/?s={search_term_string}"},"query-input":"required name=search_term_string"}],"inLanguage":"nl-NL"},{"@type":"Organization","@id":"https:\/\/www.camping-argeles-vacances.com\/nl\/#organization","name":"Argel\u00e8s Vacances","url":"https:\/\/www.camping-argeles-vacances.com\/nl\/","logo":{"@type":"ImageObject","inLanguage":"nl-NL","@id":"https:\/\/www.camping-argeles-vacances.com\/nl\/#\/schema\/logo\/image\/","url":"https:\/\/www.camping-argeles-vacances.com\/wp-content\/uploads\/2023\/11\/cropped-cropped-Logo_Argeles-vacances.png","contentUrl":"https:\/\/www.camping-argeles-vacances.com\/wp-content\/uploads\/2023\/11\/cropped-cropped-Logo_Argeles-vacances.png","width":552,"height":130,"caption":"Argel\u00e8s Vacances"},"image":{"@id":"https:\/\/www.camping-argeles-vacances.com\/nl\/#\/schema\/logo\/image\/"}}]}},"_links":{"self":[{"href":"https:\/\/www.camping-argeles-vacances.com\/nl\/wp-json\/wp\/v2\/pages\/4875","targetHints":{"allow":["GET"]}}],"collection":[{"href":"https:\/\/www.camping-argeles-vacances.com\/nl\/wp-json\/wp\/v2\/pages"}],"about":[{"href":"https:\/\/www.camping-argeles-vacances.com\/nl\/wp-json\/wp\/v2\/types\/page"}],"author":[{"embeddable":true,"href":"https:\/\/www.camping-argeles-vacances.com\/nl\/wp-json\/wp\/v2\/users\/2"}],"replies":[{"embeddable":true,"href":"https:\/\/www.camping-argeles-vacances.com\/nl\/wp-json\/wp\/v2\/comments?post=4875"}],"version-history":[{"count":6,"href":"https:\/\/www.camping-argeles-vacances.com\/nl\/wp-json\/wp\/v2\/pages\/4875\/revisions"}],"predecessor-version":[{"id":4914,"href":"https:\/\/www.camping-argeles-vacances.com\/nl\/wp-json\/wp\/v2\/pages\/4875\/revisions\/4914"}],"wp:featuredmedia":[{"embeddable":true,"href":"https:\/\/www.camping-argeles-vacances.com\/nl\/wp-json\/wp\/v2\/media\/4168"}],"wp:attachment":[{"href":"https:\/\/www.camping-argeles-vacances.com\/nl\/wp-json\/wp\/v2\/media?parent=4875"}],"wp:term":[{"taxonomy":"sujet","embeddable":true,"href":"https:\/\/www.camping-argeles-vacances.com\/nl\/wp-json\/wp\/v2\/sujet?post=4875"}],"curies":[{"name":"wp","href":"https:\/\/api.w.org\/{rel}","templated":true}]}}